{"id":5832,"date":"2023-05-08T09:58:20","date_gmt":"2023-05-08T09:58:20","guid":{"rendered":"https:\/\/www.deltaspirit.es\/politica-de-cookies\/"},"modified":"2023-07-05T09:33:14","modified_gmt":"2023-07-05T09:33:14","slug":"politica-de-cookies","status":"publish","type":"page","link":"https:\/\/www.deltaspirit.es\/ca\/politica-de-cookies\/","title":{"rendered":"Pol\u00edtica de cookies"},"content":{"rendered":"\r\n<p><strong>INFORMACI\u00d3 SOBRE COOKIES<\/strong><\/p>\r\n\r\n\r\n\r\n<p>Conformi amb la Llei 34\/2002, d&#8217;11 de juliol, de serveis de la societat de la informaci\u00f3 i de comer\u00e7 electr\u00f2nic (LSSI), en relaci\u00f3 amb el Reglament (UE) 2016\/679 del Parlament Europeu i del Consell, de 27 de abril de 2016, General de Protecci\u00f3 de Dades (GDPR) i la Llei Org\u00e0nica 3\/2018, de 5 de desembre, de Protecci\u00f3 de Dades i Garantia dels Drets Digitals (LOPDGDD), \u00e9s obligat a obtenir el consentiment expr\u00e9s de l&#8217;usuari de totes les p\u00e0gines web que usen galetes prescindibles, abans que aquest navegui per elles.<\/p>\r\n\r\n\r\n\r\n<p><strong>QU\u00c8 S\u00d3N LES COOKIES<\/strong><strong>?<\/strong><\/p>\r\n\r\n\r\n\r\n<p>Les cookies i altres tecnologies similars com a local shared objects, flash cookies o p\u00edxels, s\u00f3n eines utilitzades pels servidors web per emmagatzemar i recuperar informaci\u00f3 sobre els seus visitants, aix\u00ed com per oferir un correcte funcionament del lloc.<\/p>\r\n\r\n\r\n\r\n<p>Mitjan\u00e7ant l\u00fas daquests dispositius es permet al servidor web recordar algunes dades concernents a lusuari, com les seves prefer\u00e8ncies per a la visualitzaci\u00f3 de les p\u00e0gines daquest servidor, nom i contrasenya, productes que m\u00e9s li interessen, etc.<\/p>\r\n\r\n\r\n\r\n<p><strong><em>COOKIES AFECTADES PER LA NORMATIVA I COOKIES EXEPTUADES<\/em><\/strong><\/p>\r\n\r\n\r\n\r\n<p>Segons la directiva de la UE, les galetes que requereixen el consentiment informat per part de l&#8217;usuari s\u00f3n les galetes d&#8217;anal\u00edtica i les de publicitat i afiliaci\u00f3, i queden exceptuades les de car\u00e0cter t\u00e8cnic i les necess\u00e0ries per al funcionament del lloc web o la prestaci\u00f3 de serveis expressament sol\u00b7licitats per l&#8217;usuari.<\/p>\r\n\r\n\r\n\r\n<p><strong>TIPUS DE COOKIES<\/strong><\/p>\r\n\r\n\r\n\r\n<p>SEGONS LA FINALITAT<\/p>\r\n\r\n\r\n\r\n<ul class=\"wp-block-list\">\r\n<li><strong><em>Cookies t\u00e8cniques i funcionals:<\/em><\/strong> s\u00f3n aquelles que permeten a lusuari la navegaci\u00f3 a trav\u00e9s duna p\u00e0gina web, plataforma o aplicaci\u00f3 i la utilitzaci\u00f3 de les diferents opcions o serveis que hi hagi.<\/li>\r\n\r\n\r\n\r\n<li><strong><em>Cookies anal\u00edtiques:<\/em><\/strong> s\u00f3n aquelles que permeten al responsable de les mateixes el seguiment i an\u00e0lisi del comportament dels usuaris dels llocs web a qu\u00e8 estan vinculades. La informaci\u00f3 recollida mitjan\u00e7ant aquest tipus de cookies s&#8217;utilitza en el mesurament de l&#8217;activitat dels llocs web, l&#8217;aplicaci\u00f3 o la plataforma i per a l&#8217;elaboraci\u00f3 de perfils de navegaci\u00f3 dels usuaris d&#8217;aquests llocs, aplicacions i plataformes, per introduir millores en funci\u00f3 de l&#8217;an\u00e0lisi dades d&#8217;\u00fas que fan els usuaris del servei.<\/li>\r\n\r\n\r\n\r\n<li><strong><em>Cookies publicit\u00e0ries:<\/em><\/strong> s\u00f3n aquelles que permeten la gesti\u00f3, de la manera m\u00e9s efica\u00e7 possible, dels espais publicitaris que, si escau, l&#8217;editor hagi incl\u00f2s en una p\u00e0gina web, aplicaci\u00f3 o plataforma des de la qual presta el servei sol\u00b7licitat segons criteris com el contingut editat o la freq\u00fc\u00e8ncia en qu\u00e8 es mostren els anuncis.<\/li>\r\n\r\n\r\n\r\n<li><strong><em>Cookies de publicitat comportamental:<\/em><\/strong> recullen informaci\u00f3 sobre les prefer\u00e8ncies i eleccions personals de l&#8217;usuari (retargeting) per permetre la gesti\u00f3, de la manera m\u00e9s efica\u00e7 possible, dels espais publicitaris que, si escau, l&#8217;editor hagi incl\u00f2s en una p\u00e0gina web, aplicaci\u00f3 o plataforma des de la qual presta el servei sol\u00b7licitat.<\/li>\r\n\r\n\r\n\r\n<li><strong><em>Cookies\u00a0socials:<\/em><\/strong> s\u00f3n establertes per les plataformes de xarxes socials en els serveis per permetre compartir contingut amb els amics i xarxes. Les plataformes de mitjans socials tenen la capacitat de rastrejar la seva activitat en l\u00ednia fora dels serveis. Aix\u00f2 pot afectar el contingut i els missatges que veieu en altres serveis que visiteu.<\/li>\r\n\r\n\r\n\r\n<li><strong><em>Cookies d&#8217;afiliats:<\/em><\/strong> permeten fer un seguiment de les visites procedents d&#8217;altres webs, amb qu\u00e8 el lloc web estableix un contracte d&#8217;afiliaci\u00f3 (empreses d&#8217;afiliaci\u00f3).<\/li>\r\n\r\n\r\n\r\n<li><strong><em>Cookies de seguretat:<\/em><\/strong> emmagatzemen informaci\u00f3 xifrada per evitar que les dades guardades en ells siguin vulnerables a atacs maliciosos de tercers.<\/li>\r\n<\/ul>\r\n\r\n\r\n\r\n<p>SEGONS LA PROPIETAT<\/p>\r\n\r\n\r\n\r\n<ul class=\"wp-block-list\">\r\n<li><strong><em>Cookies pr\u00f2pies:<\/em><\/strong> s\u00f3n les que s&#8217;envien a l&#8217;equip terminal de l&#8217;usuari des d&#8217;un equip o domini gestionat pel mateix editor i des del qual es presta el servei sol\u00b7licitat per l&#8217;usuari.<\/li>\r\n\r\n\r\n\r\n<li><strong><em>Cookies\u00a0de tercers:<\/em><\/strong> s\u00f3n les que s&#8217;envien a l&#8217;equip terminal de l&#8217;usuari des d&#8217;un equip o domini que no \u00e9s gestionat per l&#8217;editor, sin\u00f3 per una altra entitat que tracta les dades obtingudes a trav\u00e9s de les galetes.<\/li>\r\n<\/ul>\r\n\r\n\r\n\r\n<p>SEGONS EL TERMINI DE CONSERVACI\u00d3<\/p>\r\n\r\n\r\n\r\n<ul class=\"wp-block-list\">\r\n<li><strong><em>Cookies\u00a0de sessi\u00f3:\u00a0<\/em><\/strong>s\u00f3n un tipus de galetes dissenyades per demanar i emmagatzemar dades mentre l&#8217;usuari accedeix a una p\u00e0gina web.<\/li>\r\n\r\n\r\n\r\n<li><strong><em>Cookies\u00a0persistents:\u00a0<\/em><\/strong>s\u00f3n un tipus de cookies en qu\u00e8 les dades segueixen emmagatzemades al terminal i poden ser accedides i tractades durant un per\u00edode definit pel responsable de la galeta, i que pot anar d&#8217;uns minuts a diversos anys.<\/li>\r\n<\/ul>\r\n\r\n\r\n\r\n<p><strong>TRACTAMENT DE DADES PERSONALS<\/strong><\/p>\r\n\r\n\r\n\r\n<p>Emili Soler Benaigues \u00e9s el Responsable del tractament de les dades personals de l&#8217;interessat i us informa que aquestes dades seran tractades de conformitat amb el que disposa el Reglament (UE) 2016\/679, de 27 d&#8217;abril de 2016 (GDPR), per la qual cosa se li facilita la seg\u00fcent informaci\u00f3 del tractament:<\/p>\r\n\r\n\r\n\r\n<p><strong>Fins al tractament:<\/strong> segons s&#8217;especifica a l&#8217;apartat de galetes que s&#8217;utilitzen en aquest lloc web.<\/p>\r\n\r\n\r\n\r\n<p><strong>Legitimaci\u00f3 del tractament:<\/strong> llevat dels casos en qu\u00e8 sigui necessari per a la navegaci\u00f3 per la web, per consentiment de l&#8217;interessat (art. 6.1 GDPR).<\/p>\r\n\r\n\r\n\r\n<p><strong>Criteris de conservaci\u00f3 de les dades:<\/strong> segons s&#8217;especifica a l&#8217;apartat de cookies utilitzades a la web.<\/p>\r\n\r\n\r\n\r\n<p><strong>Comunicaci\u00f3 de les dades:<\/strong> no es comunicaran les dades a tercers, excepte en cookies propietat de tercers o per obligaci\u00f3 legal.<\/p>\r\n\r\n\r\n\r\n<p>Drets que assisteixen l&#8217;interessat:<\/p>\r\n\r\n\r\n\r\n<ul class=\"wp-block-list\">\r\n<li>Dret a retirar el consentiment en qualsevol moment.<\/li>\r\n\r\n\r\n\r\n<li>Dret d&#8217;acc\u00e9s, rectificaci\u00f3, portabilitat i supressi\u00f3 de les vostres dades, i de limitaci\u00f3 o oposici\u00f3 al tractament.<\/li>\r\n\r\n\r\n\r\n<li>Dret a presentar una reclamaci\u00f3 davant l&#8217;Autoritat de control (<a href=\"https:\/\/www.aepd.es\" target=\"_blank\" rel=\"noreferrer noopener\">www.aepd.es) si considera que el tractament no sajusta a la normativa vigent.<\/a><\/li>\r\n<\/ul>\r\n\r\n\r\n\r\n<p><strong>Dades de contacte per exercir els vostres drets:<\/strong><\/p>\r\n\r\n\r\n\r\n<p>Emili Soler Benaigues Av. Riet 2, Els Muntells 43879, Tarragona E-mail: <a href=\"mailto:spiritkiteschool@gmail.com\">escola.spirit<\/a><a href=\"mailto:spiritkiteschool@gmail.com\" target=\"_blank\" rel=\"noopener\" title=\"\">@<\/a><a href=\"mailto:spiritkiteschool@gmail.com\">gmail.com<\/a><\/p>\r\n\r\n\r\n\r\n<p><strong><em>COOKIES<\/em><\/strong><br \/>UTILITZADES EN AQUEST LLOC WEB<\/p>\r\n\r\n\r\n\r\n<figure class=\"wp-block-table\">\r\n<table>\r\n<thead>\r\n<tr>\r\n<th colspan=\"6\">PANELL DE CONFIGURACI\u00d3<\/th>\r\n<\/tr>\r\n<tr>\r\n<th colspan=\"6\">COOKIES T\u00c8CNIQUES I FUNCIONALS<br \/>No necessiten consentiment de l&#8217;usuari<\/th>\r\n<\/tr>\r\n<tr>\r\n<th>NOM<\/th>\r\n<th>TIPO<\/th>\r\n<th>PROPIETAT<\/th>\r\n<th>FINALITAT<\/th>\r\n<th>DURADA<\/th>\r\n<th>OBSERVACIONS<\/th>\r\n<\/tr>\r\n<\/thead>\r\n<tbody>\r\n<tr>\r\n<th>PHPSESSID<\/th>\r\n<td>T\u00e8cnica<\/td>\r\n<td>Pr\u00f2pia<\/td>\r\n<td>Cont\u00e9 l&#8217;identificador de la sessi\u00f3<\/td>\r\n<td>En tancar el navegador<\/td>\r\n<td>Sessi\u00f3<\/td>\r\n<\/tr>\r\n<tr>\r\n<th>_lang<\/th>\r\n<td>T\u00e8cnica<\/td>\r\n<td>Pr\u00f2pia<\/td>\r\n<td>Cont\u00e9 l&#8217;idioma de la sessi\u00f3<\/td>\r\n<td>En tancar el navegador<\/td>\r\n<td>Sessi\u00f3<\/td>\r\n<\/tr>\r\n<tr>\r\n<th>ac_cookies<\/th>\r\n<td>T\u00e8cnica<\/td>\r\n<td>Pr\u00f2pia<\/td>\r\n<td>Cont\u00e9 el valor de si s&#8217;ha acceptat la instal\u00b7laci\u00f3 de cookies<\/td>\r\n<td>1 any<\/td>\r\n<td>Persistent<\/td>\r\n<\/tr>\r\n<tr>\r\n<th>comptador<\/th>\r\n<td>T\u00e8cnica<\/td>\r\n<td>Pr\u00f2pia<\/td>\r\n<td>S&#8217;utilitza per fer el recompte del nombre d&#8217;accessos a la p\u00e0gina per sessi\u00f3<\/td>\r\n<td>1 any<\/td>\r\n<td>Persistent<\/td>\r\n<\/tr>\r\n<tr>\r\n<th>viewed_cookie_policy<\/th>\r\n<td>T\u00e8cnica<\/td>\r\n<td>Pr\u00f2pia<\/td>\r\n<td>S&#8217;utilitza per recordar les vostres prefer\u00e8ncies quant a la Pol\u00edtica de Cookies establerta<\/td>\r\n<td>1 any<\/td>\r\n<td>Persistent<\/td>\r\n<\/tr>\r\n<tr>\r\n<th>_icl_current_language<\/th>\r\n<td>T\u00e8cnica<\/td>\r\n<td>Pr\u00f2pia<\/td>\r\n<td>S&#8217;utilitza per recordar l&#8217;idioma que heu seleccionat l&#8217;usuari i mostrar-vos els continguts en aquest mateix idioma al llarg de la vostra navegaci\u00f3<\/td>\r\n<td>1 any<\/td>\r\n<td>Sessi\u00f3<\/td>\r\n<\/tr>\r\n<\/tbody>\r\n<\/table>\r\n<\/figure>\r\n\r\n\r\n\r\n<figure class=\"wp-block-table\">\r\n<table>\r\n<thead>\r\n<tr>\r\n<th colspan=\"6\">PANELL DE CONFIGURACI\u00d3<\/th>\r\n<\/tr>\r\n<tr>\r\n<td colspan=\"6\">COOKIES ANAL\u00cdTIQUES<br \/><strong>O\u00a0<\/strong>Marcar o desmarcar segons es vulgui acceptar o rebutjar la instal\u00b7laci\u00f3 d&#8217;aquestes cookies.<\/td>\r\n<\/tr>\r\n<tr>\r\n<th>NOMBRE<\/th>\r\n<th>TIPUS<\/th>\r\n<th>PROPIETAT<\/th>\r\n<th>FINALITAT<\/th>\r\n<th>TERMINI<\/th>\r\n<th>OBSERVACIONS<\/th>\r\n<\/tr>\r\n<\/thead>\r\n<tbody>\r\n<tr>\r\n<th>_ga<\/th>\r\n<td>Anal\u00edtica<\/td>\r\n<td>Google Analytics<\/td>\r\n<td>Habilita la funci\u00f3 de control de visites \u00faniques. La primera vegada que un usuari entri al lloc web a trav\u00e9s d&#8217;un navegador s&#8217;instal\u00b7lar\u00e0 aquesta galeta. Quan aquest usuari torni a entrar a la web amb el mateix navegador, la galeta considerar\u00e0 que \u00e9s el mateix usuari. Nom\u00e9s en cas que l&#8217;usuari canvi\u00ef de navegador, es considerar\u00e0 un altre usuari<\/td>\r\n<td>2 anys<\/td>\r\n<td>Persistent<\/td>\r\n<\/tr>\r\n<tr>\r\n<th>_gat<\/th>\r\n<td>Anal\u00edtica<\/td>\r\n<td>Google Analytics<\/td>\r\n<td>S&#8217;utilitza per limitar la velocitat de petici\u00f3 \u2013 la limitaci\u00f3 de la recollida de dades als llocs d&#8217;alt tr\u00e0nsit<\/td>\r\n<td>10 minuts<\/td>\r\n<td>Sessi\u00f3<\/td>\r\n<\/tr>\r\n<tr>\r\n<th>_gid<\/th>\r\n<td>Anal\u00edtica<\/td>\r\n<td>Google Analytics<\/td>\r\n<td>S&#8217;utilitza per distingir els usuaris<\/td>\r\n<td>24 hores<\/td>\r\n<td>Sessi\u00f3<\/td>\r\n<\/tr>\r\n<tr>\r\n<th>_utma<\/th>\r\n<td>Anal\u00edtica<\/td>\r\n<td>Google Analytics<\/td>\r\n<td>Registra la data de la primera i \u00faltima vegada que l&#8217;usuari va vestir el lloc web<\/td>\r\n<td>2 anys<\/td>\r\n<td>Persistent<\/td>\r\n<\/tr>\r\n<tr>\r\n<th>_utmb<\/th>\r\n<td>Anal\u00edtica<\/td>\r\n<td>Google Analytics<\/td>\r\n<td>Registra l&#8217;hora d&#8217;arribada a la p\u00e0gina web<\/td>\r\n<td>30 minuts<\/td>\r\n<td>Sessi\u00f3<\/td>\r\n<\/tr>\r\n<tr>\r\n<th>_utmc<\/th>\r\n<td>Anal\u00edtica<\/td>\r\n<td>Google Analytics<\/td>\r\n<td>S&#8217;utilitza per a la interoperabilitat amb el codi de seguiment urchin.js<\/td>\r\n<td>1 any<\/td>\r\n<td>Sessi\u00f3<\/td>\r\n<\/tr>\r\n<tr>\r\n<th>_utmt<\/th>\r\n<td>Anal\u00edtica<\/td>\r\n<td>Google Analytics<\/td>\r\n<td>Processa el tipus de sol\u00b7licitud sol\u00b7licitada per l&#8217;usuari<\/td>\r\n<td>En finalitzar la sessi\u00f3<\/td>\r\n<td>Sessi\u00f3<\/td>\r\n<\/tr>\r\n<tr>\r\n<th>_utmv<\/th>\r\n<td>Anal\u00edtica<\/td>\r\n<td>Google Analytics<\/td>\r\n<td>Segmenta dades demogr\u00e0fiques<\/td>\r\n<td>En finalitzar la sessi\u00f3<\/td>\r\n<td>Sessi\u00f3<\/td>\r\n<\/tr>\r\n<tr>\r\n<th>_utmz<\/th>\r\n<td>Anal\u00edtica<\/td>\r\n<td>Google Analytics<\/td>\r\n<td>Emmagatzema la font de tr\u00e0nsit o una campanya per explicar com l&#8217;usuari va arribar al lloc web<\/td>\r\n<td>6 mesos<\/td>\r\n<td>Persistent<\/td>\r\n<\/tr>\r\n<\/tbody>\r\n<\/table>\r\n<\/figure>\r\n\r\n\r\n\r\n<p>Obtenir m\u00e9s informaci\u00f3 per a <strong>deshabilitar les cookies<\/strong> de Google Analytics:<\/p>\r\n\r\n\r\n\r\n<ul class=\"wp-block-list\">\r\n<li><a href=\"https:\/\/policies.google.com\/technologies\/managing\">Pol\u00edtica de privacidad de<\/a>\u00a0<a href=\"https:\/\/tools.google.com\/dlpage\/gaoptout\">Google<\/a><\/li>\r\n\r\n\r\n\r\n<li><a href=\"https:\/\/support.google.com\/analytics\/answer\/181881?hl=es\">Exclusi\u00f3n de Google Analytics<\/a><\/li>\r\n<\/ul>\r\n\r\n\r\n\r\n<p>Algunes de les nostres p\u00e0gines del lloc web mostren contingut de prove\u00efdors externs com YouTube, Facebook, Twitter, LinkedIn, etc.<\/p>\r\n\r\n\r\n\r\n<p>Per accedir als continguts de tercers, els usuaris han d&#8217;acceptar pr\u00e8viament les condicions que apliquen (entre les quals s&#8217;inclouen les pol\u00edtiques de cookies, alienes al nostre control).<\/p>\r\n\r\n\r\n\r\n<p>Si els usuaris opten per no accedir a aquests continguts, aquestes galetes de tercers no s&#8217;instal\u00b7len als dispositius. Prove\u00efdors externs d&#8217;aquest lloc web:<\/p>\r\n\r\n\r\n\r\n<ul class=\"wp-block-list\">\r\n<li><a href=\"https:\/\/www.youtube.com\/t\/terms\">YouTube<\/a><\/li>\r\n\r\n\r\n\r\n<li><a href=\"https:\/\/archive.org\/about\/terms.php\">Internet Archive<\/a><\/li>\r\n\r\n\r\n\r\n<li><a href=\"https:\/\/www.google.com\/intl\/en_be\/help\/terms_maps\/\">Google Maps<\/a><\/li>\r\n\r\n\r\n\r\n<li><a href=\"https:\/\/twitter.com\/en\/tos?wcmmode=disabled&amp;amp;intlTerms\">Twitter<\/a><\/li>\r\n\r\n\r\n\r\n<li><a href=\"https:\/\/vimeo.com\/terms\">Vimeo<\/a><\/li>\r\n\r\n\r\n\r\n<li><a href=\"https:\/\/www.microsoft.com\/en\/servicesagreement\/\">Microsoft<\/a><\/li>\r\n\r\n\r\n\r\n<li><a href=\"https:\/\/www.facebook.com\/legal\/terms\">Facebook<\/a><\/li>\r\n\r\n\r\n\r\n<li><a href=\"https:\/\/policies.google.com\/terms?hl=en&amp;amp;gl=be\">Google<\/a><\/li>\r\n\r\n\r\n\r\n<li><a href=\"https:\/\/www.linkedin.com\/legal\/user-agreement\">LinkedIn<\/a><\/li>\r\n\r\n\r\n\r\n<li><a href=\"https:\/\/livestream.com\/legal\/terms\">Livestream<\/a><\/li>\r\n\r\n\r\n\r\n<li><a href=\"https:\/\/soundcloud.com\/pages\/privacy\">SoundCloud<\/a><\/li>\r\n<\/ul>\r\n\r\n\r\n\r\n<figure class=\"wp-block-table\">\r\n<table>\r\n<tbody>\r\n<tr>\r\n<td colspan=\"3\"><strong><br \/>COM GESTIONAR LES COOKIES DES DEL NAVEGADOR<br \/><\/strong><\/td>\r\n<\/tr>\r\n<tr>\r\n<td colspan=\"2\"><strong>Eliminar les galetes del dispositiu<\/strong><\/td>\r\n<td>Les galetes que ja estan en un dispositiu es poden eliminar esborrant l&#8217;historial del navegador, de manera que se suprimeixen les galetes de tots els llocs web visitats. No obstant aix\u00f2, tamb\u00e9 podeu perdre part de la informaci\u00f3 desada (per exemple, les dades d&#8217;inici de sessi\u00f3 o les prefer\u00e8ncies de lloc web).<\/td>\r\n<\/tr>\r\n<tr>\r\n<td colspan=\"2\"><strong>Gestionar les galetes espec\u00edfiques del lloc<\/strong><\/td>\r\n<td>Per tenir un control m\u00e9s prec\u00eds de les galetes espec\u00edfiques de cada lloc, els usuaris poden ajustar la seva configuraci\u00f3 de privadesa i galetes al navegador.<\/td>\r\n<\/tr>\r\n<tr>\r\n<td colspan=\"2\"><strong>Bloquejar les galetes<\/strong><\/td>\r\n<td>Encara que la majoria dels navegadors moderns es poden configurar per evitar que s&#8217;instal\u00b7lin galetes als dispositius, aix\u00f2 pot obligar a l&#8217;ajust manual de determinades prefer\u00e8ncies cada vegada que es visiti un lloc o p\u00e0gina. A m\u00e9s, alguns serveis i caracter\u00edstiques poden no funcionar correctament (per exemple, els inicis de sessi\u00f3 amb perfil).<\/td>\r\n<\/tr>\r\n<\/tbody>\r\n<\/table>\r\n<\/figure>\r\n\r\n\r\n\r\n<figure class=\"wp-block-table\">\r\n<table>\r\n<tbody>\r\n<tr>\r\n<td colspan=\"3\"><strong>COM ELIMINAR LES COOKIES DELS NAVEGADORS M\u00c9S COMUNS<\/strong><\/td>\r\n<\/tr>\r\n<tr>\r\n<td><strong>Chrome<\/strong><\/td>\r\n<td colspan=\"2\"><a href=\"https:\/\/support.google.com\/chrome\/answer\/95647?hl=es\">http:\/\/support. google.com\/chrome\/answer\/95647?hl=ca<\/a><\/td>\r\n<\/tr>\r\n<tr>\r\n<td><strong>Internet Explorer. Versi\u00f311<\/strong><\/td>\r\n<td colspan=\"2\"><a href=\"https:\/\/support.microsoft.com\/es-es\/help\/278835\/how-to-delete-cookie-files -in-internet-explorer\">https:\/\/support.microsoft.com\/es-es\/help\/278835\/how-to-delete-cookie-files-in-internet-explorer<\/a><\/td>\r\n<\/tr>\r\n<tr>\r\n<td><strong>Firefox. Versi\u00f3n 65.0.1<\/strong><\/td>\r\n<td colspan=\"2\"><a href=\"https:\/\/www.mozilla.org\/es-ES\/privacy\/websites\/#cookies\">https:\/\/www .mozilla.org\/es-ES\/privacy\/websites\/#cookies<\/a><\/td>\r\n<\/tr>\r\n<tr>\r\n<td><strong>Safari Versi\u00f3n 5.1<\/strong><\/td>\r\n<td colspan=\"2\"><a href=\"https:\/\/support.apple.com\/es-es\/guide\/safari\/sfri11471\/mac\">https:\/\/ support.apple.com\/es-es\/guide\/safari\/sfri11471\/mac<\/a><\/td>\r\n<\/tr>\r\n<tr>\r\n<td><strong>Opera<\/strong><\/td>\r\n<td colspan=\"2\"><a href=\"https:\/\/help.opera.com\/en\/latest\/security-and-privacy\/#clearBrowsingData\">https:\/\/help.opera.com\/en\/latest\/security-and-privacy\/#clearBrowsingData<\/a><\/td>\r\n<\/tr>\r\n<\/tbody>\r\n<\/table>\r\n<\/figure>\r\n","protected":false},"excerpt":{"rendered":"<p>INFORMACI\u00d3 SOBRE COOKIES Conformi amb la Llei 34\/2002, d&#8217;11 de juliol, de serveis de la societat de la informaci\u00f3 i de comer\u00e7 electr\u00f2nic (LSSI), en relaci\u00f3 amb el Reglament (UE) 2016\/679 del Parlament Europeu i del Consell, de 27 de abril de 2016, General de Protecci\u00f3 de Dades (GDPR) i la Llei Org\u00e0nica 3\/2018, de [&hellip;]<\/p>\n","protected":false},"author":1,"featured_media":0,"parent":0,"menu_order":0,"comment_status":"closed","ping_status":"closed","template":"","meta":{"_monsterinsights_skip_tracking":false,"_monsterinsights_sitenote_active":false,"_monsterinsights_sitenote_note":"","_monsterinsights_sitenote_category":0,"footnotes":""},"class_list":["post-5832","page","type-page","status-publish","hentry"],"aioseo_notices":[],"_links":{"self":[{"href":"https:\/\/www.deltaspirit.es\/ca\/wp-json\/wp\/v2\/pages\/5832","targetHints":{"allow":["GET"]}}],"collection":[{"href":"https:\/\/www.deltaspirit.es\/ca\/wp-json\/wp\/v2\/pages"}],"about":[{"href":"https:\/\/www.deltaspirit.es\/ca\/wp-json\/wp\/v2\/types\/page"}],"author":[{"embeddable":true,"href":"https:\/\/www.deltaspirit.es\/ca\/wp-json\/wp\/v2\/users\/1"}],"replies":[{"embeddable":true,"href":"https:\/\/www.deltaspirit.es\/ca\/wp-json\/wp\/v2\/comments?post=5832"}],"version-history":[{"count":4,"href":"https:\/\/www.deltaspirit.es\/ca\/wp-json\/wp\/v2\/pages\/5832\/revisions"}],"predecessor-version":[{"id":6048,"href":"https:\/\/www.deltaspirit.es\/ca\/wp-json\/wp\/v2\/pages\/5832\/revisions\/6048"}],"wp:attachment":[{"href":"https:\/\/www.deltaspirit.es\/ca\/wp-json\/wp\/v2\/media?parent=5832"}],"curies":[{"name":"wp","href":"https:\/\/api.w.org\/{rel}","templated":true}]}}